{"id":324,"date":"2016-06-15T19:05:28","date_gmt":"2016-06-15T17:05:28","guid":{"rendered":"http:\/\/www.taumelland.de\/?page_id=324"},"modified":"2016-06-15T19:05:28","modified_gmt":"2016-06-15T17:05:28","slug":"about-birgit","status":"publish","type":"page","link":"https:\/\/www.taumelland.de\/index.php\/about-birgit\/","title":{"rendered":"about birgit"},"content":{"rendered":"<div id=\"attachment_326\" style=\"width: 980px\" class=\"wp-caption aligncenter\"><a href=\"https:\/\/i0.wp.com\/www.taumelland.de\/wp-content\/uploads\/2016\/06\/birgit.jpg\" rel=\"lightbox[324]\"><img data-recalc-dims=\"1\" loading=\"lazy\" decoding=\"async\" aria-describedby=\"caption-attachment-326\" data-attachment-id=\"326\" data-permalink=\"https:\/\/www.taumelland.de\/index.php\/about-birgit\/birgit\/\" data-orig-file=\"https:\/\/i0.wp.com\/www.taumelland.de\/wp-content\/uploads\/2016\/06\/birgit.jpg?fit=970%2C647&amp;ssl=1\" data-orig-size=\"970,647\" data-comments-opened=\"1\" data-image-meta=\"{&quot;aperture&quot;:&quot;0&quot;,&quot;credit&quot;:&quot;&quot;,&quot;camera&quot;:&quot;&quot;,&quot;caption&quot;:&quot;&quot;,&quot;created_timestamp&quot;:&quot;0&quot;,&quot;copyright&quot;:&quot;&quot;,&quot;focal_length&quot;:&quot;0&quot;,&quot;iso&quot;:&quot;0&quot;,&quot;shutter_speed&quot;:&quot;0&quot;,&quot;title&quot;:&quot;&quot;,&quot;orientation&quot;:&quot;0&quot;}\" data-image-title=\"birgit glindmeier\" data-image-description=\"\" data-image-caption=\"\" data-large-file=\"https:\/\/i0.wp.com\/www.taumelland.de\/wp-content\/uploads\/2016\/06\/birgit.jpg?fit=700%2C467&amp;ssl=1\" class=\"wp-image-326 size-full\" src=\"https:\/\/i0.wp.com\/www.taumelland.de\/wp-content\/uploads\/2016\/06\/birgit.jpg?resize=700%2C467\" alt=\"birgit glindmeier\" width=\"700\" height=\"467\" srcset=\"https:\/\/i0.wp.com\/www.taumelland.de\/wp-content\/uploads\/2016\/06\/birgit.jpg?w=970&amp;ssl=1 970w, https:\/\/i0.wp.com\/www.taumelland.de\/wp-content\/uploads\/2016\/06\/birgit.jpg?resize=150%2C100&amp;ssl=1 150w, https:\/\/i0.wp.com\/www.taumelland.de\/wp-content\/uploads\/2016\/06\/birgit.jpg?resize=300%2C200&amp;ssl=1 300w, https:\/\/i0.wp.com\/www.taumelland.de\/wp-content\/uploads\/2016\/06\/birgit.jpg?resize=580%2C387&amp;ssl=1 580w, https:\/\/i0.wp.com\/www.taumelland.de\/wp-content\/uploads\/2016\/06\/birgit.jpg?resize=800%2C534&amp;ssl=1 800w\" sizes=\"auto, (max-width: 700px) 100vw, 700px\" \/><\/a><p id=\"caption-attachment-326\" class=\"wp-caption-text\">Bild: bolee<\/p><\/div>\n<p>Der Wald &#8211; Hort meiner Kindheit<br \/>\nRaum f\u00fcr Fantasiebildung &#8211; selbst ein Fantasiegebilde<br \/>\nEinst erf\u00fcllt von fabelhaften Wesen, M\u00e4rchen und Magie &#8211; immer noch magisch, jedoch gebrochen<\/p>\n<p>&#8211; da l\u00e4ngst zur Demarkationslinie geworden, k\u00fcnstliche Grenzziehung, die Zeit des intellektuellen Niemandslandes ist vorbei.<br \/>\nDer Wald wird okupiert, wird zur Projektionsfl\u00e4che von Dichtern und Denkern, K\u00fcnstlern und Wanderern.<\/p>\n<p>&#8222;\u00dcber allen Gipfel&#8230;&#8220;<br \/>\nwir wissen es l\u00e4ngst: &#8222;&#8230;ist Ruh&#8220;<br \/>\nan oder angeblich an die Holzwand der Jagdaufseherh\u00fctte geschrieben.<\/p>\n<p>Wald nicht mehr ein Gebilde des Unbekannten, sondern ein Ort der Kontemplation.<br \/>\nWaldeinsamkeit als \u00e4u\u00dferer Raum bietet eine B\u00fchne f\u00fcr die innere Auseinandersetzung.<\/p>\n<p>Wenn der Wald, eine Metapher im Spiel des k\u00fcnstlerischen Ringens um sich selbst sein kann in allen Spiel- und Tonarten von liebevoll, vers\u00f6hnlich bis hin zu verzweifelt und bedrohlich. Wenn Wald das alles sein kann, was ist dann der Nichtwald? Ein dichotomisches Gegen\u00fcber, ein Teil eines Gegensatzpaares oder eine Leerstelle?<\/p>\n<p>Der Wald, Katalysator dieser Prozesse der K\u00e4mpfe des Individuums mit und um sich schweigt unver\u00e4ndert dazu. Relikte und Trend zur Belebung des alten Topos der Romantik findet man vielerorts:<\/p>\n<p>&#8222;Waldesruh&#8220;<\/p>\n<p>unz\u00e4hlige Hotels tragen diesen Namen des kollektiven Ged\u00e4chtnisses, einer Sehnsucht nach &#8211; ja nach was eigentlich? Nach Einsamkeit, nach einer ruhigen Heimat im Nat\u00fcrlichen, als eine Abkehr von der B\u00fcrde des kult\u00fcrlichen Seins? Eine Sehnsucht nach Sinnhaftigkeit oder ein Abgleiten in Todessehnsucht, nicht einer Pause vom Sein, sondern der endg\u00fcltige ewige Ruheort des Individuums vor den Anforderungen des modernen Lebens, vor der Komplexit\u00e4t der Welt.<\/p>\n<p>Friedw\u00e4lder &#8211; ein moderner Trend &#8211; Einswerden mit dem Wald im Sterben und dar\u00fcber hinaus. Waldeinsamkeit als Mittel der Individualit\u00e4tsfindung, gleichzeitig Abkehr von ihr.<\/p>\n<p>Der Wald ein Freiluftmuseum, indem wir uns der eigenen Individualit\u00e4t und den Anforderungen an diese stellen k\u00f6nnen, aber auch den Zumutungen. Ein Museum, sakral aufgeladen wie andere museale Gebilde. Ein aufgeladener Ort, problematisch geworden, aber auch hoffnungsvoll, eine M\u00f6glichkeit zur inneren Reflexion, Kontemplation in der Schnelllebigkeit, ein Vergn\u00fcgungsort, ein Ort der Bereicherung.<\/p>\n<p>Ich bin gern im Wald, weil er die Kulisse f\u00fcr k\u00fcnstlerische Auseinandersetzung biete und mich &#8211; wie viele Generationen vor mir &#8211; mit seiner therapeutisch anmutenden Schweigsamkeit umh\u00fcllt.<br \/>\nEr antwortet nicht auf Fragen, die ich stelle, das ist der Trost, den er bieten kann.<\/p>\n<p>in der ferne<br \/>\nan einem zweiten verhei\u00dfungsvollen himmel<br \/>\nein aufblitzen der bilder<br \/>\ndarauf das gewaltige donnern der sprache<br \/>\nwir wollen nicht untergehen im allt\u00e4glichen<br \/>\ndas blitzen und donnern zu sehen<br \/>\ndie erfahrung im regen zu stehen<br \/>\ntr\u00e4gt im bedrohlichen der eigenen individualit\u00e4t<br \/>\nauch die befreiung von einsamkeit<\/p>\n<p>Birgit Glindmeier, Juni 2016<\/p>\n","protected":false},"excerpt":{"rendered":"<p>Der Wald &#8211; Hort meiner Kindheit Raum f\u00fcr Fantasiebildung &#8211; selbst ein Fantasiegebilde Einst erf\u00fcllt von fabelhaften Wesen, M\u00e4rchen und Magie &#8211; immer noch magisch, jedoch gebrochen &#8211; da l\u00e4ngst zur Demarkationslinie geworden, k\u00fcnstliche Grenzziehung, die Zeit des intellektuellen Niemandslandes ist vorbei. Der Wald wird&hellip;<\/p>\n","protected":false},"author":1,"featured_media":0,"parent":0,"menu_order":0,"comment_status":"closed","ping_status":"closed","template":"","meta":{"_themeisle_gutenberg_block_has_review":false,"jetpack_post_was_ever_published":false,"footnotes":""},"class_list":["post-324","page","type-page","status-publish","hentry"],"yoast_head":"<!-- This site is optimized with the Yoast SEO plugin v27.5 - https:\/\/yoast.com\/product\/yoast-seo-wordpress\/ -->\n<title>about birgit - taumelland.de<\/title>\n<meta name=\"robots\" content=\"index, follow, max-snippet:-1, max-image-preview:large, max-video-preview:-1\" \/>\n<link rel=\"canonical\" href=\"https:\/\/www.taumelland.de\/index.php\/about-birgit\/\" \/>\n<meta property=\"og:locale\" content=\"de_DE\" \/>\n<meta property=\"og:type\" content=\"article\" \/>\n<meta property=\"og:title\" content=\"about birgit - taumelland.de\" \/>\n<meta property=\"og:description\" content=\"Der Wald &#8211; Hort meiner Kindheit Raum f\u00fcr Fantasiebildung &#8211; selbst ein Fantasiegebilde Einst erf\u00fcllt von fabelhaften Wesen, M\u00e4rchen und Magie &#8211; immer noch magisch, jedoch gebrochen &#8211; da l\u00e4ngst zur Demarkationslinie geworden, k\u00fcnstliche Grenzziehung, die Zeit des intellektuellen Niemandslandes ist vorbei. Der Wald wird&hellip;\" \/>\n<meta property=\"og:url\" content=\"https:\/\/www.taumelland.de\/index.php\/about-birgit\/\" \/>\n<meta property=\"og:site_name\" content=\"taumelland.de\" \/>\n<meta property=\"og:image\" content=\"http:\/\/www.taumelland.de\/wp-content\/uploads\/2016\/06\/birgit.jpg\" \/>\n<meta name=\"twitter:card\" content=\"summary_large_image\" \/>\n<meta name=\"twitter:label1\" content=\"Gesch\u00e4tzte Lesezeit\" \/>\n\t<meta name=\"twitter:data1\" content=\"2\u00a0Minuten\" \/>\n<script type=\"application\/ld+json\" class=\"yoast-schema-graph\">{\"@context\":\"https:\\\/\\\/schema.org\",\"@graph\":[{\"@type\":\"WebPage\",\"@id\":\"https:\\\/\\\/www.taumelland.de\\\/index.php\\\/about-birgit\\\/\",\"url\":\"https:\\\/\\\/www.taumelland.de\\\/index.php\\\/about-birgit\\\/\",\"name\":\"about birgit - taumelland.de\",\"isPartOf\":{\"@id\":\"https:\\\/\\\/www.taumelland.de\\\/#website\"},\"primaryImageOfPage\":{\"@id\":\"https:\\\/\\\/www.taumelland.de\\\/index.php\\\/about-birgit\\\/#primaryimage\"},\"image\":{\"@id\":\"https:\\\/\\\/www.taumelland.de\\\/index.php\\\/about-birgit\\\/#primaryimage\"},\"thumbnailUrl\":\"http:\\\/\\\/www.taumelland.de\\\/wp-content\\\/uploads\\\/2016\\\/06\\\/birgit.jpg\",\"datePublished\":\"2016-06-15T17:05:28+00:00\",\"breadcrumb\":{\"@id\":\"https:\\\/\\\/www.taumelland.de\\\/index.php\\\/about-birgit\\\/#breadcrumb\"},\"inLanguage\":\"de\",\"potentialAction\":[{\"@type\":\"ReadAction\",\"target\":[\"https:\\\/\\\/www.taumelland.de\\\/index.php\\\/about-birgit\\\/\"]}]},{\"@type\":\"ImageObject\",\"inLanguage\":\"de\",\"@id\":\"https:\\\/\\\/www.taumelland.de\\\/index.php\\\/about-birgit\\\/#primaryimage\",\"url\":\"http:\\\/\\\/www.taumelland.de\\\/wp-content\\\/uploads\\\/2016\\\/06\\\/birgit.jpg\",\"contentUrl\":\"http:\\\/\\\/www.taumelland.de\\\/wp-content\\\/uploads\\\/2016\\\/06\\\/birgit.jpg\"},{\"@type\":\"BreadcrumbList\",\"@id\":\"https:\\\/\\\/www.taumelland.de\\\/index.php\\\/about-birgit\\\/#breadcrumb\",\"itemListElement\":[{\"@type\":\"ListItem\",\"position\":1,\"name\":\"Home\",\"item\":\"https:\\\/\\\/www.taumelland.de\\\/\"},{\"@type\":\"ListItem\",\"position\":2,\"name\":\"about birgit\"}]},{\"@type\":\"WebSite\",\"@id\":\"https:\\\/\\\/www.taumelland.de\\\/#website\",\"url\":\"https:\\\/\\\/www.taumelland.de\\\/\",\"name\":\"taumelland.de\",\"description\":\"der romantische Fotoblog\",\"publisher\":{\"@id\":\"https:\\\/\\\/www.taumelland.de\\\/#\\\/schema\\\/person\\\/d408cfcd33462b0f8d9e9356cfef1aab\"},\"potentialAction\":[{\"@type\":\"SearchAction\",\"target\":{\"@type\":\"EntryPoint\",\"urlTemplate\":\"https:\\\/\\\/www.taumelland.de\\\/?s={search_term_string}\"},\"query-input\":{\"@type\":\"PropertyValueSpecification\",\"valueRequired\":true,\"valueName\":\"search_term_string\"}}],\"inLanguage\":\"de\"},{\"@type\":[\"Person\",\"Organization\"],\"@id\":\"https:\\\/\\\/www.taumelland.de\\\/#\\\/schema\\\/person\\\/d408cfcd33462b0f8d9e9356cfef1aab\",\"name\":\"Marcus Bohl\",\"image\":{\"@type\":\"ImageObject\",\"inLanguage\":\"de\",\"@id\":\"https:\\\/\\\/i0.wp.com\\\/www.taumelland.de\\\/wp-content\\\/uploads\\\/2022\\\/04\\\/rosa3.jpg?fit=960%2C639&ssl=1\",\"url\":\"https:\\\/\\\/i0.wp.com\\\/www.taumelland.de\\\/wp-content\\\/uploads\\\/2022\\\/04\\\/rosa3.jpg?fit=960%2C639&ssl=1\",\"contentUrl\":\"https:\\\/\\\/i0.wp.com\\\/www.taumelland.de\\\/wp-content\\\/uploads\\\/2022\\\/04\\\/rosa3.jpg?fit=960%2C639&ssl=1\",\"width\":960,\"height\":639,\"caption\":\"Marcus Bohl\"},\"logo\":{\"@id\":\"https:\\\/\\\/i0.wp.com\\\/www.taumelland.de\\\/wp-content\\\/uploads\\\/2022\\\/04\\\/rosa3.jpg?fit=960%2C639&ssl=1\"},\"sameAs\":[\"https:\\\/\\\/www.instagram.com\\\/taumelland\\\/?hl=de\"]}]}<\/script>\n<!-- \/ Yoast SEO plugin. -->","yoast_head_json":{"title":"about birgit - taumelland.de","robots":{"index":"index","follow":"follow","max-snippet":"max-snippet:-1","max-image-preview":"max-image-preview:large","max-video-preview":"max-video-preview:-1"},"canonical":"https:\/\/www.taumelland.de\/index.php\/about-birgit\/","og_locale":"de_DE","og_type":"article","og_title":"about birgit - taumelland.de","og_description":"Der Wald &#8211; Hort meiner Kindheit Raum f\u00fcr Fantasiebildung &#8211; selbst ein Fantasiegebilde Einst erf\u00fcllt von fabelhaften Wesen, M\u00e4rchen und Magie &#8211; immer noch magisch, jedoch gebrochen &#8211; da l\u00e4ngst zur Demarkationslinie geworden, k\u00fcnstliche Grenzziehung, die Zeit des intellektuellen Niemandslandes ist vorbei. Der Wald wird&hellip;","og_url":"https:\/\/www.taumelland.de\/index.php\/about-birgit\/","og_site_name":"taumelland.de","og_image":[{"url":"http:\/\/www.taumelland.de\/wp-content\/uploads\/2016\/06\/birgit.jpg","type":"","width":"","height":""}],"twitter_card":"summary_large_image","twitter_misc":{"Gesch\u00e4tzte Lesezeit":"2\u00a0Minuten"},"schema":{"@context":"https:\/\/schema.org","@graph":[{"@type":"WebPage","@id":"https:\/\/www.taumelland.de\/index.php\/about-birgit\/","url":"https:\/\/www.taumelland.de\/index.php\/about-birgit\/","name":"about birgit - taumelland.de","isPartOf":{"@id":"https:\/\/www.taumelland.de\/#website"},"primaryImageOfPage":{"@id":"https:\/\/www.taumelland.de\/index.php\/about-birgit\/#primaryimage"},"image":{"@id":"https:\/\/www.taumelland.de\/index.php\/about-birgit\/#primaryimage"},"thumbnailUrl":"http:\/\/www.taumelland.de\/wp-content\/uploads\/2016\/06\/birgit.jpg","datePublished":"2016-06-15T17:05:28+00:00","breadcrumb":{"@id":"https:\/\/www.taumelland.de\/index.php\/about-birgit\/#breadcrumb"},"inLanguage":"de","potentialAction":[{"@type":"ReadAction","target":["https:\/\/www.taumelland.de\/index.php\/about-birgit\/"]}]},{"@type":"ImageObject","inLanguage":"de","@id":"https:\/\/www.taumelland.de\/index.php\/about-birgit\/#primaryimage","url":"http:\/\/www.taumelland.de\/wp-content\/uploads\/2016\/06\/birgit.jpg","contentUrl":"http:\/\/www.taumelland.de\/wp-content\/uploads\/2016\/06\/birgit.jpg"},{"@type":"BreadcrumbList","@id":"https:\/\/www.taumelland.de\/index.php\/about-birgit\/#breadcrumb","itemListElement":[{"@type":"ListItem","position":1,"name":"Home","item":"https:\/\/www.taumelland.de\/"},{"@type":"ListItem","position":2,"name":"about birgit"}]},{"@type":"WebSite","@id":"https:\/\/www.taumelland.de\/#website","url":"https:\/\/www.taumelland.de\/","name":"taumelland.de","description":"der romantische Fotoblog","publisher":{"@id":"https:\/\/www.taumelland.de\/#\/schema\/person\/d408cfcd33462b0f8d9e9356cfef1aab"},"potentialAction":[{"@type":"SearchAction","target":{"@type":"EntryPoint","urlTemplate":"https:\/\/www.taumelland.de\/?s={search_term_string}"},"query-input":{"@type":"PropertyValueSpecification","valueRequired":true,"valueName":"search_term_string"}}],"inLanguage":"de"},{"@type":["Person","Organization"],"@id":"https:\/\/www.taumelland.de\/#\/schema\/person\/d408cfcd33462b0f8d9e9356cfef1aab","name":"Marcus Bohl","image":{"@type":"ImageObject","inLanguage":"de","@id":"https:\/\/i0.wp.com\/www.taumelland.de\/wp-content\/uploads\/2022\/04\/rosa3.jpg?fit=960%2C639&ssl=1","url":"https:\/\/i0.wp.com\/www.taumelland.de\/wp-content\/uploads\/2022\/04\/rosa3.jpg?fit=960%2C639&ssl=1","contentUrl":"https:\/\/i0.wp.com\/www.taumelland.de\/wp-content\/uploads\/2022\/04\/rosa3.jpg?fit=960%2C639&ssl=1","width":960,"height":639,"caption":"Marcus Bohl"},"logo":{"@id":"https:\/\/i0.wp.com\/www.taumelland.de\/wp-content\/uploads\/2022\/04\/rosa3.jpg?fit=960%2C639&ssl=1"},"sameAs":["https:\/\/www.instagram.com\/taumelland\/?hl=de"]}]}},"jetpack_sharing_enabled":true,"jetpack_shortlink":"https:\/\/wp.me\/P77Evr-5e","jetpack-related-posts":[],"_links":{"self":[{"href":"https:\/\/www.taumelland.de\/index.php\/wp-json\/wp\/v2\/pages\/324","targetHints":{"allow":["GET"]}}],"collection":[{"href":"https:\/\/www.taumelland.de\/index.php\/wp-json\/wp\/v2\/pages"}],"about":[{"href":"https:\/\/www.taumelland.de\/index.php\/wp-json\/wp\/v2\/types\/page"}],"author":[{"embeddable":true,"href":"https:\/\/www.taumelland.de\/index.php\/wp-json\/wp\/v2\/users\/1"}],"replies":[{"embeddable":true,"href":"https:\/\/www.taumelland.de\/index.php\/wp-json\/wp\/v2\/comments?post=324"}],"version-history":[{"count":10,"href":"https:\/\/www.taumelland.de\/index.php\/wp-json\/wp\/v2\/pages\/324\/revisions"}],"predecessor-version":[{"id":385,"href":"https:\/\/www.taumelland.de\/index.php\/wp-json\/wp\/v2\/pages\/324\/revisions\/385"}],"wp:attachment":[{"href":"https:\/\/www.taumelland.de\/index.php\/wp-json\/wp\/v2\/media?parent=324"}],"curies":[{"name":"wp","href":"https:\/\/api.w.org\/{rel}","templated":true}]}}